{"id":1802,"date":"2025-03-13T14:15:47","date_gmt":"2025-03-13T13:15:47","guid":{"rendered":"https:\/\/encore.ovh\/?page_id=1802"},"modified":"2025-06-08T13:38:50","modified_gmt":"2025-06-08T11:38:50","slug":"charte-ethique-et-deontologique-du-bilan-de-competence","status":"publish","type":"page","link":"https:\/\/encore.ovh\/index.php\/charte-ethique-et-deontologique-du-bilan-de-competence\/","title":{"rendered":"Charte d\u00e9ontologique d\u2019Encore, Conseil et Projets"},"content":{"rendered":"\n<h4 class=\"wp-block-heading\"><\/h4>\n\n\n\n<p>Cette charte \u00e9tablit les valeurs et obligations d\u2019Encore, Conseil et Projets aupr\u00e8s de ses clients, b\u00e9n\u00e9ficiaires et financeurs, et fixe les normes minimales de d\u00e9ontologie, de pratiques et de performances professionnelles.<\/p>\n\n\n\n<p><strong>1\/ SUR LA D\u00c9MARCHE DU BILAN DE COMP\u00c9TENCES :<\/strong><\/p>\n\n\n\n<p>La d\u00e9marche du bilan de comp\u00e9tences r\u00e9clame l\u2019application des principes g\u00e9n\u00e9raux de l\u2019\u00e9thique professionnelle par le respect de la personne humaine, ind\u00e9pendance de jugement et d\u2019action, honn\u00eatet\u00e9, neutralit\u00e9, respect de la confidentialit\u00e9 professionnelle (articles 226-13 et 226-14 du code p\u00e9nal).<\/p>\n\n\n\n<p>Encore, Conseil et Projets s\u2019engage :<\/p>\n\n\n\n<ul class=\"wp-block-list\">\n<li>\u00c0 mettre tout en \u0153uvre dans le traitement rapide des demandes de personnes d\u00e9sireuses de s\u2019informer sur le bilan de comp\u00e9tences.<\/li>\n\n\n\n<li>\u00c0 ne pas outrepasser son r\u00f4le et se garder de toute d\u00e9rive \u00e0 pr\u00e9tention th\u00e9rapeutique, de pros\u00e9lytisme, ou de manipulation psychologique.<\/li>\n\n\n\n<li>\u00c0 conna\u00eetre et faire appliquer les lois et r\u00e8glements, en particulier la partie VI du Code du Travail pour les actions de Formation Professionnelle Continue, et se tenir inform\u00e9e de leurs \u00e9volutions.<\/li>\n\n\n\n<li>\u00c0 proposer une offre claire et compr\u00e9hensible pour le b\u00e9n\u00e9ficiaire : m\u00e9thodologie, co\u00fbt, objectifs et modalit\u00e9s (exemple : temps en distanciel et temps en pr\u00e9sentiel).<\/li>\n\n\n\n<li>\u00c0 fournir une information pr\u00e9cise qui \u00e9vite toute confusion entre les activit\u00e9s de bilan de comp\u00e9tences et les autres prestations de la structure.<\/li>\n\n\n\n<li>\u00c0 respecter les trois phases r\u00e9glementaires du bilan de comp\u00e9tences (art. R6313-4 du d\u00e9cret 2018-1330 du 28 d\u00e9cembre 2018).<\/li>\n\n\n\n<li>\u00c0 r\u00e9aliser une prestation personnalis\u00e9e, adapt\u00e9e au besoin du b\u00e9n\u00e9ficiaire, tant dans la dur\u00e9e que dans le choix des outils et m\u00e9thodes.<\/li>\n\n\n\n<li>\u00c0 utiliser des m\u00e9thodes et techniques fiables, reconnues par la communaut\u00e9 professionnelle, mises en \u0153uvre par des professionnels qualifi\u00e9s.<\/li>\n\n\n\n<li>\u00c0 respecter le consentement du b\u00e9n\u00e9ficiaire pour tout usage d\u2019outils ou de m\u00e9thodes explorant ses caract\u00e9ristiques personnelles ou professionnelles.<\/li>\n\n\n\n<li>\u00c0 garantir que la nature et la finalit\u00e9 des investigations men\u00e9es sont strictement li\u00e9es \u00e0 l\u2019objectif du bilan de comp\u00e9tences.<\/li>\n\n\n\n<li>\u00c0 proposer un entretien de suivi \u00e0 six mois pour faire le point sur la mise en \u0153uvre du projet professionnel.<\/li>\n\n\n\n<li>\u00c0 garantir la confidentialit\u00e9 de l\u2019ensemble des \u00e9changes et des donn\u00e9es recueillies durant le bilan de comp\u00e9tences. Aucune information ne sera transmise \u00e0 un tiers (employeur, financeur, etc.) sans l\u2019accord \u00e9crit du b\u00e9n\u00e9ficiaire. Les donn\u00e9es personnelles sont trait\u00e9es conform\u00e9ment au RGPD.<\/li>\n\n\n\n<li>\u00c0 remettre au b\u00e9n\u00e9ficiaire, en fin de parcours, une synth\u00e8se \u00e9crite du bilan. Ce document, strictement personnel et confidentiel, reprend les principales \u00e9tapes de la d\u00e9marche, les comp\u00e9tences et les ressources identifi\u00e9es, ainsi que les pistes professionnelles envisag\u00e9es. Il est communiqu\u00e9 uniquement au b\u00e9n\u00e9ficiaire, sauf accord expr\u00e8s de sa part pour un partage avec un tiers.<\/li>\n<\/ul>\n\n\n\n<p>EN OUTRE, LE BILAN PROPOS\u00c9 DOIT :<\/p>\n\n\n\n<ul class=\"wp-block-list\">\n<li>Permettre au b\u00e9n\u00e9ficiaire d\u2019\u00e9laborer un ou des projets professionnels personnalis\u00e9s, d\u00e9finissant des strat\u00e9gies d\u2019action et des axes de progr\u00e8s, qu\u2019ils comportent ou non une dimension formation.<\/li>\n\n\n\n<li>Instaurer une relation de confiance qui responsabilise le b\u00e9n\u00e9ficiaire et le place en position d\u2019acteur de son bilan.<\/li>\n\n\n\n<li>Accompagner le b\u00e9n\u00e9ficiaire dans l\u2019identification de ses acquis et de ses caract\u00e9ristiques personnelles et professionnelles, dans une forme compr\u00e9hensible et exploitable sur le march\u00e9 du travail.<\/li>\n\n\n\n<li>Fournir des informations sur les m\u00e9tiers et les secteurs d\u2019activit\u00e9 gr\u00e2ce \u00e0 des ressources humaines et documentaires pertinentes.<\/li>\n\n\n\n<li>Remettre une synth\u00e8se confidentielle, dont le contenu a \u00e9t\u00e9 valid\u00e9 avec le b\u00e9n\u00e9ficiaire.<\/li>\n\n\n\n<li>\u00c9valuer la qualit\u00e9 de la prestation avec le b\u00e9n\u00e9ficiaire.<\/li>\n<\/ul>\n\n\n\n<p><strong>2\/ LES ACCOMPAGNANTS S\u2019ENGAGENT \u00c0 :<\/strong><\/p>\n\n\n\n<ul class=\"wp-block-list\">\n<li>R\u00e9pondre aux besoins du b\u00e9n\u00e9ficiaire par un niveau d\u2019expertise et de connaissance en lien avec la prestation.<\/li>\n\n\n\n<li>Faire \u00e9voluer leur pratique par l\u2019analyse r\u00e9flexive, la supervision et la formation continue.<\/li>\n\n\n\n<li>Cr\u00e9er un environnement professionnel bienveillant et s\u00e9curis\u00e9, propice \u00e0 l\u2019expression de la demande du b\u00e9n\u00e9ficiaire.<\/li>\n\n\n\n<li>Orienter, si besoin, vers d\u2019autres professionnels lorsque la demande d\u00e9passe le champ de comp\u00e9tence du praticien.<\/li>\n<\/ul>\n\n\n\n<p>Gunsbach, le 30 avril 2025<\/p>\n\n\n<div class=\"wp-block-image\">\n<figure class=\"aligncenter size-full is-resized\"><img loading=\"lazy\" decoding=\"async\" width=\"572\" height=\"584\" src=\"https:\/\/encore.ovh\/wp-content\/uploads\/2025\/03\/A-suivre-6.jpeg\" alt=\"\" class=\"wp-image-1825\" style=\"width:279px;height:auto\" srcset=\"https:\/\/encore.ovh\/wp-content\/uploads\/2025\/03\/A-suivre-6.jpeg 572w, https:\/\/encore.ovh\/wp-content\/uploads\/2025\/03\/A-suivre-6-294x300.jpeg 294w\" sizes=\"auto, (max-width: 572px) 100vw, 572px\" \/><\/figure>\n<\/div>","protected":false},"excerpt":{"rendered":"<p>Cette charte \u00e9tablit les valeurs et obligations d\u2019Encore, Conseil et Projets aupr\u00e8s de ses clients, b\u00e9n\u00e9ficiaires et financeurs, et fixe les normes minimales de d\u00e9ontologie, de pratiques et de performances professionnelles. 1\/ SUR LA D\u00c9MARCHE DU BILAN DE COMP\u00c9TENCES : La d\u00e9marche du bilan de comp\u00e9tences r\u00e9clame l\u2019application des principes g\u00e9n\u00e9raux de l\u2019\u00e9thique professionnelle par&hellip;&nbsp;<a href=\"https:\/\/encore.ovh\/index.php\/charte-ethique-et-deontologique-du-bilan-de-competence\/\" rel=\"bookmark\">Lire la suite &raquo;<span class=\"screen-reader-text\">Charte d\u00e9ontologique d\u2019Encore, Conseil et Projets<\/span><\/a><\/p>\n","protected":false},"author":1,"featured_media":0,"parent":0,"menu_order":0,"comment_status":"closed","ping_status":"closed","template":"","meta":{"ub_ctt_via":"","neve_meta_sidebar":"","neve_meta_container":"","neve_meta_enable_content_width":"","neve_meta_content_width":0,"neve_meta_title_alignment":"","neve_meta_author_avatar":"","neve_post_elements_order":"","neve_meta_disable_header":"","neve_meta_disable_footer":"","neve_meta_disable_title":"","_themeisle_gutenberg_block_has_review":false,"footnotes":""},"class_list":["post-1802","page","type-page","status-publish","hentry"],"featured_image_src":null,"yoast_head":"<!-- This site is optimized with the Yoast SEO plugin v25.6 - https:\/\/yoast.com\/wordpress\/plugins\/seo\/ -->\n<title>Charte d\u00e9ontologique d\u2019Encore, Conseil et Projets - Encore<\/title>\n<meta name=\"description\" content=\"Encore, Conseil et Projet respecte sa charte \u00e9thique et d\u00e9ontologique pour la r\u00e9alisation de ses bilans de comp\u00e9tences.\" \/>\n<meta name=\"robots\" content=\"index, follow, max-snippet:-1, max-image-preview:large, max-video-preview:-1\" \/>\n<link rel=\"canonical\" href=\"https:\/\/encore.ovh\/index.php\/charte-ethique-et-deontologique-du-bilan-de-competence\/\" \/>\n<meta property=\"og:locale\" content=\"fr_FR\" \/>\n<meta property=\"og:type\" content=\"article\" \/>\n<meta property=\"og:title\" content=\"Charte d\u00e9ontologique d\u2019Encore, Conseil et Projets - Encore\" \/>\n<meta property=\"og:description\" content=\"Encore, Conseil et Projet respecte sa charte \u00e9thique et d\u00e9ontologique pour la r\u00e9alisation de ses bilans de comp\u00e9tences.\" \/>\n<meta property=\"og:url\" content=\"https:\/\/encore.ovh\/index.php\/charte-ethique-et-deontologique-du-bilan-de-competence\/\" \/>\n<meta property=\"og:site_name\" content=\"Encore\" \/>\n<meta property=\"article:publisher\" content=\"https:\/\/www.facebook.com\/profile.php?id=61573859113213\" \/>\n<meta property=\"article:modified_time\" content=\"2025-06-08T11:38:50+00:00\" \/>\n<meta property=\"og:image\" content=\"https:\/\/encore.ovh\/wp-content\/uploads\/2025\/03\/A-suivre-6.jpeg\" \/>\n\t<meta property=\"og:image:width\" content=\"572\" \/>\n\t<meta property=\"og:image:height\" content=\"584\" \/>\n\t<meta property=\"og:image:type\" content=\"image\/jpeg\" \/>\n<meta name=\"twitter:card\" content=\"summary_large_image\" \/>\n<meta name=\"twitter:label1\" content=\"Dur\u00e9e de lecture estim\u00e9e\" \/>\n\t<meta name=\"twitter:data1\" content=\"4 minutes\" \/>\n<script type=\"application\/ld+json\" class=\"yoast-schema-graph\">{\"@context\":\"https:\/\/schema.org\",\"@graph\":[{\"@type\":\"WebPage\",\"@id\":\"https:\/\/encore.ovh\/index.php\/charte-ethique-et-deontologique-du-bilan-de-competence\/\",\"url\":\"https:\/\/encore.ovh\/index.php\/charte-ethique-et-deontologique-du-bilan-de-competence\/\",\"name\":\"Charte d\u00e9ontologique d\u2019Encore, Conseil et Projets - Encore\",\"isPartOf\":{\"@id\":\"https:\/\/encore.ovh\/#website\"},\"primaryImageOfPage\":{\"@id\":\"https:\/\/encore.ovh\/index.php\/charte-ethique-et-deontologique-du-bilan-de-competence\/#primaryimage\"},\"image\":{\"@id\":\"https:\/\/encore.ovh\/index.php\/charte-ethique-et-deontologique-du-bilan-de-competence\/#primaryimage\"},\"thumbnailUrl\":\"https:\/\/encore.ovh\/wp-content\/uploads\/2025\/03\/A-suivre-6.jpeg\",\"datePublished\":\"2025-03-13T13:15:47+00:00\",\"dateModified\":\"2025-06-08T11:38:50+00:00\",\"description\":\"Encore, Conseil et Projet respecte sa charte \u00e9thique et d\u00e9ontologique pour la r\u00e9alisation de ses bilans de comp\u00e9tences.\",\"breadcrumb\":{\"@id\":\"https:\/\/encore.ovh\/index.php\/charte-ethique-et-deontologique-du-bilan-de-competence\/#breadcrumb\"},\"inLanguage\":\"fr-FR\",\"potentialAction\":[{\"@type\":\"ReadAction\",\"target\":[\"https:\/\/encore.ovh\/index.php\/charte-ethique-et-deontologique-du-bilan-de-competence\/\"]}]},{\"@type\":\"ImageObject\",\"inLanguage\":\"fr-FR\",\"@id\":\"https:\/\/encore.ovh\/index.php\/charte-ethique-et-deontologique-du-bilan-de-competence\/#primaryimage\",\"url\":\"https:\/\/encore.ovh\/wp-content\/uploads\/2025\/03\/A-suivre-6.jpeg\",\"contentUrl\":\"https:\/\/encore.ovh\/wp-content\/uploads\/2025\/03\/A-suivre-6.jpeg\",\"width\":572,\"height\":584},{\"@type\":\"BreadcrumbList\",\"@id\":\"https:\/\/encore.ovh\/index.php\/charte-ethique-et-deontologique-du-bilan-de-competence\/#breadcrumb\",\"itemListElement\":[{\"@type\":\"ListItem\",\"position\":1,\"name\":\"Accueil\",\"item\":\"https:\/\/encore.ovh\/\"},{\"@type\":\"ListItem\",\"position\":2,\"name\":\"Charte d\u00e9ontologique d\u2019Encore, Conseil et Projets\"}]},{\"@type\":\"WebSite\",\"@id\":\"https:\/\/encore.ovh\/#website\",\"url\":\"https:\/\/encore.ovh\/\",\"name\":\"Encore\",\"description\":\"\u00c9levons vos possibles\",\"publisher\":{\"@id\":\"https:\/\/encore.ovh\/#organization\"},\"potentialAction\":[{\"@type\":\"SearchAction\",\"target\":{\"@type\":\"EntryPoint\",\"urlTemplate\":\"https:\/\/encore.ovh\/?s={search_term_string}\"},\"query-input\":{\"@type\":\"PropertyValueSpecification\",\"valueRequired\":true,\"valueName\":\"search_term_string\"}}],\"inLanguage\":\"fr-FR\"},{\"@type\":\"Organization\",\"@id\":\"https:\/\/encore.ovh\/#organization\",\"name\":\"Encore\",\"url\":\"https:\/\/encore.ovh\/\",\"logo\":{\"@type\":\"ImageObject\",\"inLanguage\":\"fr-FR\",\"@id\":\"https:\/\/encore.ovh\/#\/schema\/logo\/image\/\",\"url\":\"http:\/\/encore.ovh\/wp-content\/uploads\/2025\/03\/Encore-18.png\",\"contentUrl\":\"http:\/\/encore.ovh\/wp-content\/uploads\/2025\/03\/Encore-18.png\",\"width\":500,\"height\":500,\"caption\":\"Encore\"},\"image\":{\"@id\":\"https:\/\/encore.ovh\/#\/schema\/logo\/image\/\"},\"sameAs\":[\"https:\/\/www.facebook.com\/profile.php?id=61573859113213\",\"https:\/\/www.instagram.com\/encore.conseil.et.projets?igsh=MTFvNTh4NWEyb2J2&utm_source=qr\"]}]}<\/script>\n<!-- \/ Yoast SEO plugin. -->","yoast_head_json":{"title":"Charte d\u00e9ontologique d\u2019Encore, Conseil et Projets - Encore","description":"Encore, Conseil et Projet respecte sa charte \u00e9thique et d\u00e9ontologique pour la r\u00e9alisation de ses bilans de comp\u00e9tences.","robots":{"index":"index","follow":"follow","max-snippet":"max-snippet:-1","max-image-preview":"max-image-preview:large","max-video-preview":"max-video-preview:-1"},"canonical":"https:\/\/encore.ovh\/index.php\/charte-ethique-et-deontologique-du-bilan-de-competence\/","og_locale":"fr_FR","og_type":"article","og_title":"Charte d\u00e9ontologique d\u2019Encore, Conseil et Projets - Encore","og_description":"Encore, Conseil et Projet respecte sa charte \u00e9thique et d\u00e9ontologique pour la r\u00e9alisation de ses bilans de comp\u00e9tences.","og_url":"https:\/\/encore.ovh\/index.php\/charte-ethique-et-deontologique-du-bilan-de-competence\/","og_site_name":"Encore","article_publisher":"https:\/\/www.facebook.com\/profile.php?id=61573859113213","article_modified_time":"2025-06-08T11:38:50+00:00","og_image":[{"width":572,"height":584,"url":"https:\/\/encore.ovh\/wp-content\/uploads\/2025\/03\/A-suivre-6.jpeg","type":"image\/jpeg"}],"twitter_card":"summary_large_image","twitter_misc":{"Dur\u00e9e de lecture estim\u00e9e":"4 minutes"},"schema":{"@context":"https:\/\/schema.org","@graph":[{"@type":"WebPage","@id":"https:\/\/encore.ovh\/index.php\/charte-ethique-et-deontologique-du-bilan-de-competence\/","url":"https:\/\/encore.ovh\/index.php\/charte-ethique-et-deontologique-du-bilan-de-competence\/","name":"Charte d\u00e9ontologique d\u2019Encore, Conseil et Projets - Encore","isPartOf":{"@id":"https:\/\/encore.ovh\/#website"},"primaryImageOfPage":{"@id":"https:\/\/encore.ovh\/index.php\/charte-ethique-et-deontologique-du-bilan-de-competence\/#primaryimage"},"image":{"@id":"https:\/\/encore.ovh\/index.php\/charte-ethique-et-deontologique-du-bilan-de-competence\/#primaryimage"},"thumbnailUrl":"https:\/\/encore.ovh\/wp-content\/uploads\/2025\/03\/A-suivre-6.jpeg","datePublished":"2025-03-13T13:15:47+00:00","dateModified":"2025-06-08T11:38:50+00:00","description":"Encore, Conseil et Projet respecte sa charte \u00e9thique et d\u00e9ontologique pour la r\u00e9alisation de ses bilans de comp\u00e9tences.","breadcrumb":{"@id":"https:\/\/encore.ovh\/index.php\/charte-ethique-et-deontologique-du-bilan-de-competence\/#breadcrumb"},"inLanguage":"fr-FR","potentialAction":[{"@type":"ReadAction","target":["https:\/\/encore.ovh\/index.php\/charte-ethique-et-deontologique-du-bilan-de-competence\/"]}]},{"@type":"ImageObject","inLanguage":"fr-FR","@id":"https:\/\/encore.ovh\/index.php\/charte-ethique-et-deontologique-du-bilan-de-competence\/#primaryimage","url":"https:\/\/encore.ovh\/wp-content\/uploads\/2025\/03\/A-suivre-6.jpeg","contentUrl":"https:\/\/encore.ovh\/wp-content\/uploads\/2025\/03\/A-suivre-6.jpeg","width":572,"height":584},{"@type":"BreadcrumbList","@id":"https:\/\/encore.ovh\/index.php\/charte-ethique-et-deontologique-du-bilan-de-competence\/#breadcrumb","itemListElement":[{"@type":"ListItem","position":1,"name":"Accueil","item":"https:\/\/encore.ovh\/"},{"@type":"ListItem","position":2,"name":"Charte d\u00e9ontologique d\u2019Encore, Conseil et Projets"}]},{"@type":"WebSite","@id":"https:\/\/encore.ovh\/#website","url":"https:\/\/encore.ovh\/","name":"Encore","description":"\u00c9levons vos possibles","publisher":{"@id":"https:\/\/encore.ovh\/#organization"},"potentialAction":[{"@type":"SearchAction","target":{"@type":"EntryPoint","urlTemplate":"https:\/\/encore.ovh\/?s={search_term_string}"},"query-input":{"@type":"PropertyValueSpecification","valueRequired":true,"valueName":"search_term_string"}}],"inLanguage":"fr-FR"},{"@type":"Organization","@id":"https:\/\/encore.ovh\/#organization","name":"Encore","url":"https:\/\/encore.ovh\/","logo":{"@type":"ImageObject","inLanguage":"fr-FR","@id":"https:\/\/encore.ovh\/#\/schema\/logo\/image\/","url":"http:\/\/encore.ovh\/wp-content\/uploads\/2025\/03\/Encore-18.png","contentUrl":"http:\/\/encore.ovh\/wp-content\/uploads\/2025\/03\/Encore-18.png","width":500,"height":500,"caption":"Encore"},"image":{"@id":"https:\/\/encore.ovh\/#\/schema\/logo\/image\/"},"sameAs":["https:\/\/www.facebook.com\/profile.php?id=61573859113213","https:\/\/www.instagram.com\/encore.conseil.et.projets?igsh=MTFvNTh4NWEyb2J2&utm_source=qr"]}]}},"_links":{"self":[{"href":"https:\/\/encore.ovh\/index.php\/wp-json\/wp\/v2\/pages\/1802","targetHints":{"allow":["GET"]}}],"collection":[{"href":"https:\/\/encore.ovh\/index.php\/wp-json\/wp\/v2\/pages"}],"about":[{"href":"https:\/\/encore.ovh\/index.php\/wp-json\/wp\/v2\/types\/page"}],"author":[{"embeddable":true,"href":"https:\/\/encore.ovh\/index.php\/wp-json\/wp\/v2\/users\/1"}],"replies":[{"embeddable":true,"href":"https:\/\/encore.ovh\/index.php\/wp-json\/wp\/v2\/comments?post=1802"}],"version-history":[{"count":8,"href":"https:\/\/encore.ovh\/index.php\/wp-json\/wp\/v2\/pages\/1802\/revisions"}],"predecessor-version":[{"id":2463,"href":"https:\/\/encore.ovh\/index.php\/wp-json\/wp\/v2\/pages\/1802\/revisions\/2463"}],"wp:attachment":[{"href":"https:\/\/encore.ovh\/index.php\/wp-json\/wp\/v2\/media?parent=1802"}],"curies":[{"name":"wp","href":"https:\/\/api.w.org\/{rel}","templated":true}]}}