{"id":61,"date":"2020-01-23T18:21:52","date_gmt":"2020-01-23T18:21:52","guid":{"rendered":"https:\/\/demosites.io\/web-agency-gb\/?page_id=61"},"modified":"2026-02-15T18:05:17","modified_gmt":"2026-02-15T17:05:17","slug":"je-me-presente-virginie-cheffe-d-entreprise-conseillere-formatrice","status":"publish","type":"page","link":"https:\/\/encore.ovh\/index.php\/je-me-presente-virginie-cheffe-d-entreprise-conseillere-formatrice\/","title":{"rendered":"Je me pr\u00e9sente"},"content":{"rendered":"\n<div class=\"wp-block-cover alignfull is-light\" style=\"min-height:600px;aspect-ratio:unset;\"><img loading=\"lazy\" decoding=\"async\" width=\"1415\" height=\"2000\" class=\"wp-block-cover__image-background wp-image-1502\" alt=\"\" src=\"https:\/\/encore.ovh\/wp-content\/uploads\/2025\/02\/A-suivre-4-2.png\" style=\"object-position:48% 46%\" data-object-fit=\"cover\" data-object-position=\"48% 46%\" srcset=\"https:\/\/encore.ovh\/wp-content\/uploads\/2025\/02\/A-suivre-4-2.png 1415w, https:\/\/encore.ovh\/wp-content\/uploads\/2025\/02\/A-suivre-4-2-212x300.png 212w, https:\/\/encore.ovh\/wp-content\/uploads\/2025\/02\/A-suivre-4-2-724x1024.png 724w, https:\/\/encore.ovh\/wp-content\/uploads\/2025\/02\/A-suivre-4-2-768x1086.png 768w, https:\/\/encore.ovh\/wp-content\/uploads\/2025\/02\/A-suivre-4-2-1087x1536.png 1087w\" sizes=\"auto, (max-width: 1415px) 100vw, 1415px\" \/><span aria-hidden=\"true\" class=\"wp-block-cover__background has-nv-site-bg-background-color has-background-dim-0 has-background-dim\"><\/span><div class=\"wp-block-cover__inner-container is-layout-flow wp-block-cover-is-layout-flow\">\n<div class=\"wp-block-group\"><div class=\"wp-block-group__inner-container is-layout-flow wp-block-group-is-layout-flow\">\n<div style=\"height:80px\" aria-hidden=\"true\" class=\"wp-block-spacer\"><\/div>\n\n\n\n<div class=\"wp-block-columns has-neve-text-color-color has-text-color is-layout-flex wp-container-core-columns-is-layout-9d6595d7 wp-block-columns-is-layout-flex\">\n<div class=\"wp-block-column is-vertically-aligned-top is-layout-flow wp-block-column-is-layout-flow\" style=\"flex-basis:50%\"><div class=\"wp-block-image\">\n<figure class=\"aligncenter size-large is-resized\"><img loading=\"lazy\" decoding=\"async\" width=\"683\" height=\"1024\" src=\"https:\/\/encore.ovh\/wp-content\/uploads\/2025\/03\/IMG_0988-683x1024.webp\" alt=\"Virginie, entrepreneuse, conseill\u00e8re en gestion des transitions professionnelles et formatrice Encore, Conseil et Projets\" class=\"wp-image-2080\" style=\"width:247px;height:auto\" srcset=\"https:\/\/encore.ovh\/wp-content\/uploads\/2025\/03\/IMG_0988-683x1024.webp 683w, https:\/\/encore.ovh\/wp-content\/uploads\/2025\/03\/IMG_0988-200x300.webp 200w, https:\/\/encore.ovh\/wp-content\/uploads\/2025\/03\/IMG_0988-768x1152.webp 768w, https:\/\/encore.ovh\/wp-content\/uploads\/2025\/03\/IMG_0988-1024x1536.webp 1024w, https:\/\/encore.ovh\/wp-content\/uploads\/2025\/03\/IMG_0988-1365x2048.webp 1365w, https:\/\/encore.ovh\/wp-content\/uploads\/2025\/03\/IMG_0988-scaled.webp 1707w\" sizes=\"auto, (max-width: 683px) 100vw, 683px\" \/><\/figure>\n<\/div>\n\n\n<div class=\"wp-block-columns is-layout-flex wp-container-core-columns-is-layout-9d6595d7 wp-block-columns-is-layout-flex\">\n<div class=\"wp-block-column is-layout-flow wp-block-column-is-layout-flow\"><\/div>\n<\/div>\n\n\n\n<div class=\"wp-block-buttons is-layout-flex wp-block-buttons-is-layout-flex\"><\/div>\n\n\n<div class=\"wp-block-image\">\n<figure class=\"aligncenter size-full is-resized\"><img loading=\"lazy\" decoding=\"async\" width=\"2858\" height=\"1884\" src=\"https:\/\/encore.ovh\/wp-content\/uploads\/2025\/03\/Cartes-de-visite-Encore.zip-1-png.webp\" alt=\"Carte de visite, Encore, Conseil et Projets\" class=\"wp-image-2081\" style=\"width:271px;height:auto\" srcset=\"https:\/\/encore.ovh\/wp-content\/uploads\/2025\/03\/Cartes-de-visite-Encore.zip-1-png.webp 2858w, https:\/\/encore.ovh\/wp-content\/uploads\/2025\/03\/Cartes-de-visite-Encore.zip-1-300x198.webp 300w, https:\/\/encore.ovh\/wp-content\/uploads\/2025\/03\/Cartes-de-visite-Encore.zip-1-1024x675.webp 1024w, https:\/\/encore.ovh\/wp-content\/uploads\/2025\/03\/Cartes-de-visite-Encore.zip-1-768x506.webp 768w, https:\/\/encore.ovh\/wp-content\/uploads\/2025\/03\/Cartes-de-visite-Encore.zip-1-1536x1013.webp 1536w, https:\/\/encore.ovh\/wp-content\/uploads\/2025\/03\/Cartes-de-visite-Encore.zip-1-2048x1350.webp 2048w\" sizes=\"auto, (max-width: 2858px) 100vw, 2858px\" \/><\/figure>\n<\/div>\n\n\n<p><\/p>\n\n\n<div class=\"wp-block-image\">\n<figure class=\"aligncenter size-full is-resized\"><img loading=\"lazy\" decoding=\"async\" width=\"2560\" height=\"1688\" src=\"https:\/\/encore.ovh\/wp-content\/uploads\/2026\/02\/Copie-de-Cartes-de-visite-Encore-scaled.webp\" alt=\"\" class=\"wp-image-3195\" style=\"width:279px;height:auto\" srcset=\"https:\/\/encore.ovh\/wp-content\/uploads\/2026\/02\/Copie-de-Cartes-de-visite-Encore-scaled.webp 2560w, https:\/\/encore.ovh\/wp-content\/uploads\/2026\/02\/Copie-de-Cartes-de-visite-Encore-300x198.webp 300w, https:\/\/encore.ovh\/wp-content\/uploads\/2026\/02\/Copie-de-Cartes-de-visite-Encore-1024x675.webp 1024w, https:\/\/encore.ovh\/wp-content\/uploads\/2026\/02\/Copie-de-Cartes-de-visite-Encore-768x506.webp 768w, https:\/\/encore.ovh\/wp-content\/uploads\/2026\/02\/Copie-de-Cartes-de-visite-Encore-1536x1013.webp 1536w, https:\/\/encore.ovh\/wp-content\/uploads\/2026\/02\/Copie-de-Cartes-de-visite-Encore-2048x1350.webp 2048w\" sizes=\"auto, (max-width: 2560px) 100vw, 2560px\" \/><\/figure>\n<\/div>\n\n\n<div class=\"wp-block-columns is-layout-flex wp-container-core-columns-is-layout-9d6595d7 wp-block-columns-is-layout-flex\">\n<div class=\"wp-block-column is-layout-flow wp-block-column-is-layout-flow\"><\/div>\n<\/div>\n\n\n\n<figure class=\"wp-block-image size-large\"><img loading=\"lazy\" decoding=\"async\" width=\"1024\" height=\"1024\" src=\"https:\/\/encore.ovh\/wp-content\/uploads\/2026\/02\/IMG_5804-1024x1024.webp\" alt=\"\" class=\"wp-image-3197\" srcset=\"https:\/\/encore.ovh\/wp-content\/uploads\/2026\/02\/IMG_5804-1024x1024.webp 1024w, https:\/\/encore.ovh\/wp-content\/uploads\/2026\/02\/IMG_5804-300x300.webp 300w, https:\/\/encore.ovh\/wp-content\/uploads\/2026\/02\/IMG_5804-150x150.webp 150w, https:\/\/encore.ovh\/wp-content\/uploads\/2026\/02\/IMG_5804-768x768.webp 768w, https:\/\/encore.ovh\/wp-content\/uploads\/2026\/02\/IMG_5804-1536x1536.webp 1536w, https:\/\/encore.ovh\/wp-content\/uploads\/2026\/02\/IMG_5804-2048x2048.webp 2048w\" sizes=\"auto, (max-width: 1024px) 100vw, 1024px\" \/><\/figure>\n\n\n\n<figure class=\"wp-block-audio\"><audio controls src=\"https:\/\/encore.ovh\/wp-content\/uploads\/2026\/02\/SFEA-Celine-Encore-Conseil-13h30.mp3\"><\/audio><\/figure>\n<\/div>\n\n\n\n<div class=\"wp-block-column is-vertically-aligned-center is-layout-flow wp-block-column-is-layout-flow\" style=\"flex-basis:50%\">\n<h1 class=\"wp-block-heading has-neve-text-color-color has-text-color\">Je m\u2019appelle Virginie <\/h1>\n\n\n\n<h3 class=\"wp-block-heading has-text-align-center has-neve-text-color-color has-text-color\">J\u2019ai 52 ans et je suis conseill\u00e8re certifi\u00e9e en gestion des transitions professionnelle pour Encore, Conseils et Projets.<\/h3>\n\n\n\n<p class=\"has-text-align-left\">A 45 ans, je me suis retrouv\u00e9e sur le march\u00e9 de l\u2019emploi apr\u00e8s 24 ann\u00e9es pass\u00e9es dans une grande entreprise du BTP. J\u2019ai eu du mal \u00e0 transposer mon emploi dans le nouvel environnement professionnel qui m\u2019entourait.<\/p>\n\n\n\n<p class=\"has-text-align-left\"><br><strong>Cela m\u2019\u00e9tait d\u2019autant plus difficile, que je ne connaissais pas les entreprises et leurs m\u00e9tiers. J\u2019avais du mal \u00e0 identifier mes besoins et mes envies professionnels. Tout avait tellement \u00e9volu\u00e9 autour de moi : les m\u00e9tiers, leur technicit\u00e9, le march\u00e9 de l\u2019emploi et ses codes.<\/strong> J\u2019ai alors fait le choix me faire accompagner dans le cadre d\u2019un bilan de comp\u00e9tences.<\/p>\n\n\n\n<h3 class=\"wp-block-heading\">Cet accompagnement m\u2019a permis de mettre des mots sur mes comp\u00e9tences et de construire un projet professionnel \u00e0 mon image.<\/h3>\n\n\n\n<p>J\u2019ai choisi de reprendre mes \u00e9tudes dans le projet et j\u2019ai ensuite saisi l\u2019opportunit\u00e9 de travailler dans le conseil aux personnes en rupture professionnelle dans une association, en tant que charg\u00e9e de projets. <strong>Ce m\u00e9tier prenait tout son sens pour moi apr\u00e8s ces mois de recherche et de questionnement autour de mon emploi. <\/strong><\/p>\n\n\n\n<p><strong>Mes missions m\u2019ont permis d\u2019avoir une vision \u00e0 360 degr\u00e9s du march\u00e9 de l\u2019emploi.<\/strong> J\u2019ai ainsi pu travailler avec tous les acteurs de l\u2019emploi (France Travail, les missions locales, Cap Emploi, la pr\u00e9fecture, la CEA, la R\u00e9gion, la DDETSPP, les associations), les entreprises et des organismes de formation. <\/p>\n\n\n\n<p><br>J\u2019ai \u00e9galement multipli\u00e9 les entretiens professionnels et conseill\u00e9 plusieurs centaines de personnes en individuel ou en ateliers en m\u2019appuyant sur ma connaissance du monde du travail et mes \u00e9changes avec mes partenaires de l\u2019emploi.<\/p>\n\n\n\n<figure class=\"wp-block-pullquote has-small-font-size\"><blockquote><p><strong>\u00ab&nbsp;J\u2019aime cr\u00e9er du lien et je pense que chaque personne a toutes les solutions en elle, solutions qui ne demandent qu\u2019\u00e0 s\u2019exprimer&nbsp;\u00bb.<\/strong><\/p><\/blockquote><\/figure>\n\n\n\n<h3 class=\"wp-block-heading\">Un projet de d\u00e9m\u00e9nagement plus tard, je me suis sentie pr\u00eate pour une nouvelle \u00e9tape de ma vie professionnelle.<\/h3>\n\n\n\n<p>J\u2019ai donc d\u00e9cid\u00e9 de cr\u00e9er mon entreprise afin de mettre \u00e0 votre disposition mes savoirs et comp\u00e9tences en cr\u00e9ant Encore, Conseil et Projet.<\/p>\n\n\n\n<p>J\u2019ai encore fait le choix de la formation pour me certifier \u00e0 l\u2019accompagnement dans les transitions professionnelles afin de vous garantir des prestations de qualit\u00e9.<\/p>\n\n\n\n<p><strong>Je mets maintenant \u00e0 votre disposition mes comp\u00e9tences afin de vous permettre de prendre de la hauteur sur vos probl\u00e9matiques en lien avec le monde du travail.<\/strong><\/p>\n\n\n\n<h3 class=\"wp-block-heading has-text-align-center\"><strong>A votre tour de vous pr\u00e9senter, et d\u2019\u00e9changer avec moi sur votre probl\u00e9matique professionnelle ! Le premier rendez-vous est gratuit et sans engagement. <\/strong><\/h3>\n\n\n\n<div class=\"wp-block-buttons is-content-justification-center is-layout-flex wp-container-core-buttons-is-layout-16018d1d wp-block-buttons-is-layout-flex\">\n<div class=\"wp-block-button is-style-secondary\"><a class=\"wp-block-button__link has-background wp-element-button\" href=\"https:\/\/encore.ovh\/index.php\/15c42-web-agency-gb-contact-us\/\" style=\"background-color:#769bf9\">PARLONS-EN<\/a><\/div>\n<\/div>\n<\/div>\n<\/div>\n\n\n\n<div style=\"height:40px\" aria-hidden=\"true\" class=\"wp-block-spacer\"><\/div>\n<\/div><\/div>\n<\/div><\/div>\n\n\n\n<div class=\"wp-block-cover alignfull is-light\" style=\"min-height:600px;aspect-ratio:unset;\"><img loading=\"lazy\" decoding=\"async\" width=\"1415\" height=\"2000\" class=\"wp-block-cover__image-background wp-image-1503\" alt=\"\" src=\"https:\/\/encore.ovh\/wp-content\/uploads\/2025\/02\/A-suivre-2-1.png\" data-object-fit=\"cover\" srcset=\"https:\/\/encore.ovh\/wp-content\/uploads\/2025\/02\/A-suivre-2-1.png 1415w, https:\/\/encore.ovh\/wp-content\/uploads\/2025\/02\/A-suivre-2-1-212x300.png 212w, https:\/\/encore.ovh\/wp-content\/uploads\/2025\/02\/A-suivre-2-1-724x1024.png 724w, https:\/\/encore.ovh\/wp-content\/uploads\/2025\/02\/A-suivre-2-1-768x1086.png 768w, https:\/\/encore.ovh\/wp-content\/uploads\/2025\/02\/A-suivre-2-1-1087x1536.png 1087w\" sizes=\"auto, (max-width: 1415px) 100vw, 1415px\" \/><span aria-hidden=\"true\" class=\"wp-block-cover__background has-nv-dark-bg-background-color has-background-dim-0 has-background-dim\"><\/span><div class=\"wp-block-cover__inner-container is-layout-flow wp-block-cover-is-layout-flow\">\n<div class=\"wp-block-group\"><div class=\"wp-block-group__inner-container is-layout-flow wp-block-group-is-layout-flow\">\n<div class=\"wp-block-columns are-vertically-aligned-center is-layout-flex wp-container-core-columns-is-layout-9d6595d7 wp-block-columns-is-layout-flex\">\n<div class=\"wp-block-column is-vertically-aligned-center is-layout-flow wp-block-column-is-layout-flow\" style=\"flex-basis:50%\">\n<h1 class=\"wp-block-heading has-text-align-center has-nv-text-dark-bg-color has-text-color\"><br>Mes valeurs<\/h1>\n\n\n\n<h3 class=\"wp-block-heading has-text-align-center has-nv-text-dark-bg-color has-text-color\">Un accompagnement r\u00e9ussi r\u00e9pond \u00e0 mes valeurs : il demande de la bienveillance, de l\u2019\u00e9coute, du partage, de l\u2019empathie et l\u2019acceptation inconditionnelle de l\u2019autre.<\/h3>\n\n\n\n<p class=\"has-text-align-center\">Nos valeurs sont notre socle : durant cet accompagnement il vous sera utile de d\u00e9finir vos propres valeurs pour avancer dans votre r\u00e9flexion.<\/p>\n\n\n\n<div style=\"height:20px\" aria-hidden=\"true\" class=\"wp-block-spacer\"><\/div>\n\n\n\n<div class=\"wp-block-buttons is-layout-flex wp-block-buttons-is-layout-flex\"><\/div>\n\n\n\n<div style=\"height:20px\" aria-hidden=\"true\" class=\"wp-block-spacer\"><\/div>\n<\/div>\n\n\n\n<div class=\"wp-block-column is-vertically-aligned-center is-layout-flow wp-block-column-is-layout-flow\" style=\"flex-basis:50%\"><div class=\"wp-block-image\">\n<figure class=\"aligncenter size-large is-resized\"><img loading=\"lazy\" decoding=\"async\" width=\"1024\" height=\"635\" src=\"https:\/\/encore.ovh\/wp-content\/uploads\/2024\/11\/Corpo-Crepi-2023273-1024x635.jpeg\" alt=\"Virginie, entrepreneuse, conseill\u00e8re en gestion des transitions professionnelles et formatrice Encore, Conseil et Projets\" class=\"wp-image-852\" style=\"width:477px;height:auto\" srcset=\"https:\/\/encore.ovh\/wp-content\/uploads\/2024\/11\/Corpo-Crepi-2023273-1024x635.jpeg 1024w, https:\/\/encore.ovh\/wp-content\/uploads\/2024\/11\/Corpo-Crepi-2023273-300x186.jpeg 300w, https:\/\/encore.ovh\/wp-content\/uploads\/2024\/11\/Corpo-Crepi-2023273-768x476.jpeg 768w, https:\/\/encore.ovh\/wp-content\/uploads\/2024\/11\/Corpo-Crepi-2023273-1536x952.jpeg 1536w, https:\/\/encore.ovh\/wp-content\/uploads\/2024\/11\/Corpo-Crepi-2023273-2048x1270.jpeg 2048w\" sizes=\"auto, (max-width: 1024px) 100vw, 1024px\" \/><\/figure>\n<\/div><\/div>\n<\/div>\n<\/div><\/div>\n<\/div><\/div>\n\n\n\n<div class=\"wp-block-columns is-layout-flex wp-container-core-columns-is-layout-9d6595d7 wp-block-columns-is-layout-flex\">\n<div class=\"wp-block-column is-layout-flow wp-block-column-is-layout-flow\"><\/div>\n<\/div>\n\n\n\n<h1 class=\"wp-block-heading\">Mes dipl\u00f4mes et certifications<\/h1>\n\n\n\n<div class=\"wp-block-columns is-layout-flex wp-container-core-columns-is-layout-9d6595d7 wp-block-columns-is-layout-flex\">\n<div class=\"wp-block-column is-layout-flow wp-block-column-is-layout-flow\"><div class=\"wp-block-image\">\n<figure class=\"aligncenter size-full is-resized\"><img loading=\"lazy\" decoding=\"async\" width=\"581\" height=\"556\" src=\"https:\/\/encore.ovh\/wp-content\/uploads\/2025\/03\/A-suivre-9.jpeg\" alt=\"\" class=\"wp-image-1929\" style=\"width:90px;height:auto\" srcset=\"https:\/\/encore.ovh\/wp-content\/uploads\/2025\/03\/A-suivre-9.jpeg 581w, https:\/\/encore.ovh\/wp-content\/uploads\/2025\/03\/A-suivre-9-300x287.jpeg 300w\" sizes=\"auto, (max-width: 581px) 100vw, 581px\" \/><\/figure>\n<\/div>\n\n\n<p class=\"has-text-align-center\">2019<\/p>\n\n\n\n<p class=\"has-text-align-center\">Licence professionnelle mention management et gestion des organisations, parcours gestion et pilotages de projets.<\/p>\n\n\n\n<p class=\"has-text-align-center\">Mention tr\u00e8s bien<\/p>\n<\/div>\n\n\n\n<div class=\"wp-block-column is-layout-flow wp-block-column-is-layout-flow\"><div class=\"wp-block-image\">\n<figure class=\"aligncenter size-full is-resized\"><img loading=\"lazy\" decoding=\"async\" width=\"504\" height=\"544\" src=\"https:\/\/encore.ovh\/wp-content\/uploads\/2025\/03\/A-suivre-7-1.jpeg\" alt=\"\" class=\"wp-image-1932\" style=\"width:82px;height:auto\" srcset=\"https:\/\/encore.ovh\/wp-content\/uploads\/2025\/03\/A-suivre-7-1.jpeg 504w, https:\/\/encore.ovh\/wp-content\/uploads\/2025\/03\/A-suivre-7-1-278x300.jpeg 278w\" sizes=\"auto, (max-width: 504px) 100vw, 504px\" \/><\/figure>\n<\/div>\n\n\n<p class=\"has-text-align-center\">2024<\/p>\n\n\n\n<p class=\"has-text-align-center\">Certification \u00ab&nbsp;Accompagner les transitions professionnelles&nbsp;\u00bb<\/p>\n\n\n\n<p class=\"has-text-align-center\">6491 du R\u00e9pertoire Sp\u00e9cifique<\/p>\n<\/div>\n\n\n\n<div class=\"wp-block-column is-layout-flow wp-block-column-is-layout-flow\"><div class=\"wp-block-image\">\n<figure class=\"aligncenter size-full is-resized\"><img loading=\"lazy\" decoding=\"async\" width=\"484\" height=\"500\" src=\"https:\/\/encore.ovh\/wp-content\/uploads\/2025\/03\/A-suivre-8-1.jpeg\" alt=\"\" class=\"wp-image-1933\" style=\"width:85px;height:auto\" srcset=\"https:\/\/encore.ovh\/wp-content\/uploads\/2025\/03\/A-suivre-8-1.jpeg 484w, https:\/\/encore.ovh\/wp-content\/uploads\/2025\/03\/A-suivre-8-1-290x300.jpeg 290w\" sizes=\"auto, (max-width: 484px) 100vw, 484px\" \/><\/figure>\n<\/div>\n\n\n<p class=\"has-text-align-center\">2024<\/p>\n\n\n\n<p class=\"has-text-align-center\">Formation \u00ab&nbsp;accompagner le d\u00e9veloppement des comp\u00e9tences transversales&nbsp;\u00bb<\/p>\n\n\n\n<p class=\"has-text-align-center\">Badge<\/p>\n<\/div>\n<\/div>\n\n\n\n<div class=\"wp-block-columns is-layout-flex wp-container-core-columns-is-layout-9d6595d7 wp-block-columns-is-layout-flex\">\n<div class=\"wp-block-column is-layout-flow wp-block-column-is-layout-flow\"><\/div>\n\n\n\n<div class=\"wp-block-column is-layout-flow wp-block-column-is-layout-flow\"><\/div>\n\n\n\n<div class=\"wp-block-column is-layout-flow wp-block-column-is-layout-flow\"><\/div>\n<\/div>\n\n\n\n<div class=\"wp-block-cover alignfull is-light\" style=\"min-height:1638px;aspect-ratio:unset;\"><img loading=\"lazy\" decoding=\"async\" width=\"1415\" height=\"2000\" class=\"wp-block-cover__image-background wp-image-1505\" alt=\"\" src=\"https:\/\/encore.ovh\/wp-content\/uploads\/2025\/02\/A-suivre-3-1.png\" data-object-fit=\"cover\" srcset=\"https:\/\/encore.ovh\/wp-content\/uploads\/2025\/02\/A-suivre-3-1.png 1415w, https:\/\/encore.ovh\/wp-content\/uploads\/2025\/02\/A-suivre-3-1-212x300.png 212w, https:\/\/encore.ovh\/wp-content\/uploads\/2025\/02\/A-suivre-3-1-724x1024.png 724w, https:\/\/encore.ovh\/wp-content\/uploads\/2025\/02\/A-suivre-3-1-768x1086.png 768w, https:\/\/encore.ovh\/wp-content\/uploads\/2025\/02\/A-suivre-3-1-1087x1536.png 1087w\" sizes=\"auto, (max-width: 1415px) 100vw, 1415px\" \/><span aria-hidden=\"true\" class=\"wp-block-cover__background has-nv-light-bg-background-color has-background-dim-0 has-background-dim\"><\/span><div class=\"wp-block-cover__inner-container is-layout-flow wp-block-cover-is-layout-flow\">\n<div class=\"wp-block-group\"><div class=\"wp-block-group__inner-container is-layout-flow wp-block-group-is-layout-flow\">\n<div style=\"height:80px\" aria-hidden=\"true\" class=\"wp-block-spacer\"><\/div>\n\n\n\n<div class=\"wp-block-columns is-layout-flex wp-container-core-columns-is-layout-9d6595d7 wp-block-columns-is-layout-flex\">\n<div class=\"wp-block-column is-layout-flow wp-block-column-is-layout-flow\">\n<div style=\"height:24px\" aria-hidden=\"true\" class=\"wp-block-spacer\"><\/div>\n\n\n\n<h1 class=\"wp-block-heading has-text-align-center has-neve-text-color-color has-text-color\">Mes r\u00e9alisations professionnelles <\/h1>\n\n\n<div class=\"wp-block-image is-style-default\">\n<figure class=\"aligncenter size-large is-resized\"><img loading=\"lazy\" decoding=\"async\" width=\"724\" height=\"1024\" src=\"https:\/\/encore.ovh\/wp-content\/uploads\/2025\/05\/Presentation-pour-Entreprises-Encore-Conseil-et-Projets-4-724x1024.webp\" alt=\"\" class=\"wp-image-2418\" style=\"width:964px;height:auto\" srcset=\"https:\/\/encore.ovh\/wp-content\/uploads\/2025\/05\/Presentation-pour-Entreprises-Encore-Conseil-et-Projets-4-724x1024.webp 724w, https:\/\/encore.ovh\/wp-content\/uploads\/2025\/05\/Presentation-pour-Entreprises-Encore-Conseil-et-Projets-4-212x300.webp 212w, https:\/\/encore.ovh\/wp-content\/uploads\/2025\/05\/Presentation-pour-Entreprises-Encore-Conseil-et-Projets-4-768x1086.webp 768w, https:\/\/encore.ovh\/wp-content\/uploads\/2025\/05\/Presentation-pour-Entreprises-Encore-Conseil-et-Projets-4-1086x1536.webp 1086w, https:\/\/encore.ovh\/wp-content\/uploads\/2025\/05\/Presentation-pour-Entreprises-Encore-Conseil-et-Projets-4-1448x2048.webp 1448w, https:\/\/encore.ovh\/wp-content\/uploads\/2025\/05\/Presentation-pour-Entreprises-Encore-Conseil-et-Projets-4-scaled.webp 1810w\" sizes=\"auto, (max-width: 724px) 100vw, 724px\" \/><\/figure>\n<\/div>\n\n\n<div style=\"height:40px\" aria-hidden=\"true\" class=\"wp-block-spacer\"><\/div>\n<\/div>\n<\/div>\n\n\n\n<h1 class=\"wp-block-heading has-text-align-center\">Mon dossier de presse<\/h1>\n\n\n\n<div style=\"height:40px\" aria-hidden=\"true\" class=\"wp-block-spacer\"><\/div>\n<\/div><\/div>\n<\/div><\/div>\n\n\n<div class=\"wp-block-image\">\n<figure class=\"aligncenter size-large is-resized\"><img loading=\"lazy\" decoding=\"async\" width=\"781\" height=\"1024\" src=\"https:\/\/encore.ovh\/wp-content\/uploads\/2025\/03\/IMG_1175-781x1024.webp\" alt=\"Dossier de presse de Virginie, Encore, Conseil et Projets\" class=\"wp-image-2097\" style=\"width:978px;height:auto\" srcset=\"https:\/\/encore.ovh\/wp-content\/uploads\/2025\/03\/IMG_1175-781x1024.webp 781w, https:\/\/encore.ovh\/wp-content\/uploads\/2025\/03\/IMG_1175-229x300.webp 229w, https:\/\/encore.ovh\/wp-content\/uploads\/2025\/03\/IMG_1175-768x1006.webp 768w, https:\/\/encore.ovh\/wp-content\/uploads\/2025\/03\/IMG_1175-1172x1536.webp 1172w, https:\/\/encore.ovh\/wp-content\/uploads\/2025\/03\/IMG_1175.webp 1414w\" sizes=\"auto, (max-width: 781px) 100vw, 781px\" \/><\/figure>\n<\/div>\n\n\n<figure class=\"wp-block-image size-large\"><img loading=\"lazy\" decoding=\"async\" width=\"724\" height=\"1024\" src=\"https:\/\/encore.ovh\/wp-content\/uploads\/2025\/03\/IMG_1172-724x1024.webp\" alt=\"Article de presse sur Virginie Encore, Conseil et Projets\" class=\"wp-image-2100\" srcset=\"https:\/\/encore.ovh\/wp-content\/uploads\/2025\/03\/IMG_1172-724x1024.webp 724w, https:\/\/encore.ovh\/wp-content\/uploads\/2025\/03\/IMG_1172-212x300.webp 212w, https:\/\/encore.ovh\/wp-content\/uploads\/2025\/03\/IMG_1172-768x1086.webp 768w, https:\/\/encore.ovh\/wp-content\/uploads\/2025\/03\/IMG_1172-1086x1536.webp 1086w, https:\/\/encore.ovh\/wp-content\/uploads\/2025\/03\/IMG_1172-png.webp 1414w\" sizes=\"auto, (max-width: 724px) 100vw, 724px\" \/><\/figure>\n\n\n\n<div class=\"wp-block-cover alignfull\" style=\"min-height:600px;aspect-ratio:unset;\"><span aria-hidden=\"true\" class=\"wp-block-cover__background has-nv-dark-bg-background-color has-background-dim-100 has-background-dim\"><\/span><div class=\"wp-block-cover__inner-container is-layout-flow wp-block-cover-is-layout-flow\">\n<div class=\"wp-block-group\"><div class=\"wp-block-group__inner-container is-layout-flow wp-block-group-is-layout-flow\">\n<div style=\"height:80px\" aria-hidden=\"true\" class=\"wp-block-spacer\"><\/div>\n\n\n\n<div class=\"wp-block-columns are-vertically-aligned-center is-layout-flex wp-container-core-columns-is-layout-9d6595d7 wp-block-columns-is-layout-flex\">\n<div class=\"wp-block-column is-vertically-aligned-center is-layout-flow wp-block-column-is-layout-flow\" style=\"flex-basis:50%\"><div class=\"wp-block-image\">\n<figure class=\"aligncenter size-large is-resized\"><img loading=\"lazy\" decoding=\"async\" width=\"683\" height=\"1024\" src=\"https:\/\/encore.ovh\/wp-content\/uploads\/2025\/03\/IMG_0989-683x1024.webp\" alt=\"Virginie vous accompagne dans vos bilans de comp\u00e9tence Haut Rhin, Centre Alsace\" class=\"wp-image-2037\" style=\"width:213px;height:auto\" srcset=\"https:\/\/encore.ovh\/wp-content\/uploads\/2025\/03\/IMG_0989-683x1024.webp 683w, https:\/\/encore.ovh\/wp-content\/uploads\/2025\/03\/IMG_0989-200x300.webp 200w, https:\/\/encore.ovh\/wp-content\/uploads\/2025\/03\/IMG_0989-768x1152.webp 768w, https:\/\/encore.ovh\/wp-content\/uploads\/2025\/03\/IMG_0989-1024x1536.webp 1024w, https:\/\/encore.ovh\/wp-content\/uploads\/2025\/03\/IMG_0989-1365x2048.webp 1365w, https:\/\/encore.ovh\/wp-content\/uploads\/2025\/03\/IMG_0989-scaled.webp 1707w\" sizes=\"auto, (max-width: 683px) 100vw, 683px\" \/><\/figure>\n<\/div><\/div>\n\n\n\n<div class=\"wp-block-column is-vertically-aligned-center is-layout-flow wp-block-column-is-layout-flow\" style=\"flex-basis:50%\">\n<div style=\"height:40px\" aria-hidden=\"true\" class=\"wp-block-spacer\"><\/div>\n\n\n\n<h2 class=\"wp-block-heading has-text-align-left has-nv-text-dark-bg-color has-text-color\">Je vous propose un rendez-vous gratuit et sans engagement d\u2019une heure pour que vous puissiez m\u2019expliquer votre besoin.<\/h2>\n\n\n\n<p class=\"has-text-align-left has-nv-text-dark-bg-color has-text-color\" style=\"font-size:17px\">Prenons le temps de nous rencontrer pour d\u00e9couvrir votre besoin.<\/p>\n\n\n\n<p>En pr\u00e9sentiel sur le Centre Alsace ou en visioconf\u00e9rence sur toute la France.<\/p>\n\n\n\n<p>Je r\u00e9pondrais  \u00e0 toutes vos questions.<\/p>\n\n\n\n<div class=\"wp-block-buttons is-horizontal is-content-justification-center is-layout-flex wp-container-core-buttons-is-layout-499968f5 wp-block-buttons-is-layout-flex\">\n<div class=\"wp-block-button is-style-secondary\"><a class=\"wp-block-button__link has-background wp-element-button\" href=\"https:\/\/encore.ovh\/index.php\/15c42-web-agency-gb-contact-us\/\" style=\"background-color:#769bf9\">PRISE DE RENDEZ-VOUS <\/a><\/div>\n\n\n\n<div class=\"wp-block-button is-style-secondary\"><a class=\"wp-block-button__link has-background wp-element-button\" href=\"https:\/\/encore.ovh\/index.php\/mon-offre-entreprises-bilan-formation\/\" style=\"background-color:#769bf9\">MES TARIFS<\/a><\/div>\n<\/div>\n<\/div>\n<\/div>\n\n\n\n<div style=\"height:50px\" aria-hidden=\"true\" class=\"wp-block-spacer\"><\/div>\n<\/div><\/div>\n<\/div><\/div>\n\n\n\n<p><\/p>\n","protected":false},"excerpt":{"rendered":"<p>Mes dipl\u00f4mes et certifications 2019 Licence professionnelle mention management et gestion des organisations, parcours gestion et pilotages de projets. Mention tr\u00e8s bien 2024 Certification \u00ab&nbsp;Accompagner les transitions professionnelles&nbsp;\u00bb 6491 du R\u00e9pertoire Sp\u00e9cifique 2024 Formation \u00ab&nbsp;accompagner le d\u00e9veloppement des comp\u00e9tences transversales&nbsp;\u00bb Badge<\/p>\n","protected":false},"author":1,"featured_media":0,"parent":0,"menu_order":3,"comment_status":"closed","ping_status":"closed","template":"","meta":{"ub_ctt_via":"","neve_meta_sidebar":"right","neve_meta_container":"default","neve_meta_enable_content_width":"on","neve_meta_content_width":70,"neve_meta_title_alignment":"","neve_meta_author_avatar":"","neve_post_elements_order":"","neve_meta_disable_header":"","neve_meta_disable_footer":"","neve_meta_disable_title":"off","_themeisle_gutenberg_block_has_review":false,"footnotes":""},"class_list":["post-61","page","type-page","status-publish","hentry"],"featured_image_src":null,"yoast_head":"<!-- This site is optimized with the Yoast SEO plugin v25.6 - https:\/\/yoast.com\/wordpress\/plugins\/seo\/ -->\n<title>Je me pr\u00e9sente - Encore<\/title>\n<meta name=\"description\" content=\"Virginie, cheffe d\u2019entreprise d\u2019Encore, Conseil et Projet vous pr\u00e9sente ses exp\u00e9riences professionnelles, ses valeurs et ses dipl\u00f4mes.\" \/>\n<meta name=\"robots\" content=\"index, follow, max-snippet:-1, max-image-preview:large, max-video-preview:-1\" \/>\n<link rel=\"canonical\" href=\"https:\/\/encore.ovh\/index.php\/je-me-presente-virginie-cheffe-d-entreprise-conseillere-formatrice\/\" \/>\n<meta property=\"og:locale\" content=\"fr_FR\" \/>\n<meta property=\"og:type\" content=\"article\" \/>\n<meta property=\"og:title\" content=\"Je me pr\u00e9sente - Encore\" \/>\n<meta property=\"og:description\" content=\"Virginie, cheffe d\u2019entreprise d\u2019Encore, Conseil et Projet vous pr\u00e9sente ses exp\u00e9riences professionnelles, ses valeurs et ses dipl\u00f4mes.\" \/>\n<meta property=\"og:url\" content=\"https:\/\/encore.ovh\/index.php\/je-me-presente-virginie-cheffe-d-entreprise-conseillere-formatrice\/\" \/>\n<meta property=\"og:site_name\" content=\"Encore\" \/>\n<meta property=\"article:publisher\" content=\"https:\/\/www.facebook.com\/profile.php?id=61573859113213\" \/>\n<meta property=\"article:modified_time\" content=\"2026-02-15T17:05:17+00:00\" \/>\n<meta property=\"og:image\" content=\"https:\/\/encore.ovh\/wp-content\/uploads\/2025\/02\/A-suivre-4-2.png\" \/>\n\t<meta property=\"og:image:width\" content=\"1415\" \/>\n\t<meta property=\"og:image:height\" content=\"2000\" \/>\n\t<meta property=\"og:image:type\" content=\"image\/png\" \/>\n<meta name=\"twitter:card\" content=\"summary_large_image\" \/>\n<meta name=\"twitter:label1\" content=\"Dur\u00e9e de lecture estim\u00e9e\" \/>\n\t<meta name=\"twitter:data1\" content=\"6 minutes\" \/>\n<script type=\"application\/ld+json\" class=\"yoast-schema-graph\">{\"@context\":\"https:\/\/schema.org\",\"@graph\":[{\"@type\":\"WebPage\",\"@id\":\"https:\/\/encore.ovh\/index.php\/je-me-presente-virginie-cheffe-d-entreprise-conseillere-formatrice\/\",\"url\":\"https:\/\/encore.ovh\/index.php\/je-me-presente-virginie-cheffe-d-entreprise-conseillere-formatrice\/\",\"name\":\"Je me pr\u00e9sente - Encore\",\"isPartOf\":{\"@id\":\"https:\/\/encore.ovh\/#website\"},\"primaryImageOfPage\":{\"@id\":\"https:\/\/encore.ovh\/index.php\/je-me-presente-virginie-cheffe-d-entreprise-conseillere-formatrice\/#primaryimage\"},\"image\":{\"@id\":\"https:\/\/encore.ovh\/index.php\/je-me-presente-virginie-cheffe-d-entreprise-conseillere-formatrice\/#primaryimage\"},\"thumbnailUrl\":\"https:\/\/encore.ovh\/wp-content\/uploads\/2025\/02\/A-suivre-4-2.png\",\"datePublished\":\"2020-01-23T18:21:52+00:00\",\"dateModified\":\"2026-02-15T17:05:17+00:00\",\"description\":\"Virginie, cheffe d\u2019entreprise d\u2019Encore, Conseil et Projet vous pr\u00e9sente ses exp\u00e9riences professionnelles, ses valeurs et ses dipl\u00f4mes.\",\"breadcrumb\":{\"@id\":\"https:\/\/encore.ovh\/index.php\/je-me-presente-virginie-cheffe-d-entreprise-conseillere-formatrice\/#breadcrumb\"},\"inLanguage\":\"fr-FR\",\"potentialAction\":[{\"@type\":\"ReadAction\",\"target\":[\"https:\/\/encore.ovh\/index.php\/je-me-presente-virginie-cheffe-d-entreprise-conseillere-formatrice\/\"]}]},{\"@type\":\"ImageObject\",\"inLanguage\":\"fr-FR\",\"@id\":\"https:\/\/encore.ovh\/index.php\/je-me-presente-virginie-cheffe-d-entreprise-conseillere-formatrice\/#primaryimage\",\"url\":\"https:\/\/encore.ovh\/wp-content\/uploads\/2025\/02\/A-suivre-4-2.png\",\"contentUrl\":\"https:\/\/encore.ovh\/wp-content\/uploads\/2025\/02\/A-suivre-4-2.png\",\"width\":1415,\"height\":2000},{\"@type\":\"BreadcrumbList\",\"@id\":\"https:\/\/encore.ovh\/index.php\/je-me-presente-virginie-cheffe-d-entreprise-conseillere-formatrice\/#breadcrumb\",\"itemListElement\":[{\"@type\":\"ListItem\",\"position\":1,\"name\":\"Accueil\",\"item\":\"https:\/\/encore.ovh\/\"},{\"@type\":\"ListItem\",\"position\":2,\"name\":\"Je me pr\u00e9sente\"}]},{\"@type\":\"WebSite\",\"@id\":\"https:\/\/encore.ovh\/#website\",\"url\":\"https:\/\/encore.ovh\/\",\"name\":\"Encore\",\"description\":\"\u00c9levons vos possibles\",\"publisher\":{\"@id\":\"https:\/\/encore.ovh\/#organization\"},\"potentialAction\":[{\"@type\":\"SearchAction\",\"target\":{\"@type\":\"EntryPoint\",\"urlTemplate\":\"https:\/\/encore.ovh\/?s={search_term_string}\"},\"query-input\":{\"@type\":\"PropertyValueSpecification\",\"valueRequired\":true,\"valueName\":\"search_term_string\"}}],\"inLanguage\":\"fr-FR\"},{\"@type\":\"Organization\",\"@id\":\"https:\/\/encore.ovh\/#organization\",\"name\":\"Encore\",\"url\":\"https:\/\/encore.ovh\/\",\"logo\":{\"@type\":\"ImageObject\",\"inLanguage\":\"fr-FR\",\"@id\":\"https:\/\/encore.ovh\/#\/schema\/logo\/image\/\",\"url\":\"http:\/\/encore.ovh\/wp-content\/uploads\/2025\/03\/Encore-18.png\",\"contentUrl\":\"http:\/\/encore.ovh\/wp-content\/uploads\/2025\/03\/Encore-18.png\",\"width\":500,\"height\":500,\"caption\":\"Encore\"},\"image\":{\"@id\":\"https:\/\/encore.ovh\/#\/schema\/logo\/image\/\"},\"sameAs\":[\"https:\/\/www.facebook.com\/profile.php?id=61573859113213\",\"https:\/\/www.instagram.com\/encore.conseil.et.projets?igsh=MTFvNTh4NWEyb2J2&utm_source=qr\"]}]}<\/script>\n<!-- \/ Yoast SEO plugin. -->","yoast_head_json":{"title":"Je me pr\u00e9sente - Encore","description":"Virginie, cheffe d\u2019entreprise d\u2019Encore, Conseil et Projet vous pr\u00e9sente ses exp\u00e9riences professionnelles, ses valeurs et ses dipl\u00f4mes.","robots":{"index":"index","follow":"follow","max-snippet":"max-snippet:-1","max-image-preview":"max-image-preview:large","max-video-preview":"max-video-preview:-1"},"canonical":"https:\/\/encore.ovh\/index.php\/je-me-presente-virginie-cheffe-d-entreprise-conseillere-formatrice\/","og_locale":"fr_FR","og_type":"article","og_title":"Je me pr\u00e9sente - Encore","og_description":"Virginie, cheffe d\u2019entreprise d\u2019Encore, Conseil et Projet vous pr\u00e9sente ses exp\u00e9riences professionnelles, ses valeurs et ses dipl\u00f4mes.","og_url":"https:\/\/encore.ovh\/index.php\/je-me-presente-virginie-cheffe-d-entreprise-conseillere-formatrice\/","og_site_name":"Encore","article_publisher":"https:\/\/www.facebook.com\/profile.php?id=61573859113213","article_modified_time":"2026-02-15T17:05:17+00:00","og_image":[{"width":1415,"height":2000,"url":"https:\/\/encore.ovh\/wp-content\/uploads\/2025\/02\/A-suivre-4-2.png","type":"image\/png"}],"twitter_card":"summary_large_image","twitter_misc":{"Dur\u00e9e de lecture estim\u00e9e":"6 minutes"},"schema":{"@context":"https:\/\/schema.org","@graph":[{"@type":"WebPage","@id":"https:\/\/encore.ovh\/index.php\/je-me-presente-virginie-cheffe-d-entreprise-conseillere-formatrice\/","url":"https:\/\/encore.ovh\/index.php\/je-me-presente-virginie-cheffe-d-entreprise-conseillere-formatrice\/","name":"Je me pr\u00e9sente - Encore","isPartOf":{"@id":"https:\/\/encore.ovh\/#website"},"primaryImageOfPage":{"@id":"https:\/\/encore.ovh\/index.php\/je-me-presente-virginie-cheffe-d-entreprise-conseillere-formatrice\/#primaryimage"},"image":{"@id":"https:\/\/encore.ovh\/index.php\/je-me-presente-virginie-cheffe-d-entreprise-conseillere-formatrice\/#primaryimage"},"thumbnailUrl":"https:\/\/encore.ovh\/wp-content\/uploads\/2025\/02\/A-suivre-4-2.png","datePublished":"2020-01-23T18:21:52+00:00","dateModified":"2026-02-15T17:05:17+00:00","description":"Virginie, cheffe d\u2019entreprise d\u2019Encore, Conseil et Projet vous pr\u00e9sente ses exp\u00e9riences professionnelles, ses valeurs et ses dipl\u00f4mes.","breadcrumb":{"@id":"https:\/\/encore.ovh\/index.php\/je-me-presente-virginie-cheffe-d-entreprise-conseillere-formatrice\/#breadcrumb"},"inLanguage":"fr-FR","potentialAction":[{"@type":"ReadAction","target":["https:\/\/encore.ovh\/index.php\/je-me-presente-virginie-cheffe-d-entreprise-conseillere-formatrice\/"]}]},{"@type":"ImageObject","inLanguage":"fr-FR","@id":"https:\/\/encore.ovh\/index.php\/je-me-presente-virginie-cheffe-d-entreprise-conseillere-formatrice\/#primaryimage","url":"https:\/\/encore.ovh\/wp-content\/uploads\/2025\/02\/A-suivre-4-2.png","contentUrl":"https:\/\/encore.ovh\/wp-content\/uploads\/2025\/02\/A-suivre-4-2.png","width":1415,"height":2000},{"@type":"BreadcrumbList","@id":"https:\/\/encore.ovh\/index.php\/je-me-presente-virginie-cheffe-d-entreprise-conseillere-formatrice\/#breadcrumb","itemListElement":[{"@type":"ListItem","position":1,"name":"Accueil","item":"https:\/\/encore.ovh\/"},{"@type":"ListItem","position":2,"name":"Je me pr\u00e9sente"}]},{"@type":"WebSite","@id":"https:\/\/encore.ovh\/#website","url":"https:\/\/encore.ovh\/","name":"Encore","description":"\u00c9levons vos possibles","publisher":{"@id":"https:\/\/encore.ovh\/#organization"},"potentialAction":[{"@type":"SearchAction","target":{"@type":"EntryPoint","urlTemplate":"https:\/\/encore.ovh\/?s={search_term_string}"},"query-input":{"@type":"PropertyValueSpecification","valueRequired":true,"valueName":"search_term_string"}}],"inLanguage":"fr-FR"},{"@type":"Organization","@id":"https:\/\/encore.ovh\/#organization","name":"Encore","url":"https:\/\/encore.ovh\/","logo":{"@type":"ImageObject","inLanguage":"fr-FR","@id":"https:\/\/encore.ovh\/#\/schema\/logo\/image\/","url":"http:\/\/encore.ovh\/wp-content\/uploads\/2025\/03\/Encore-18.png","contentUrl":"http:\/\/encore.ovh\/wp-content\/uploads\/2025\/03\/Encore-18.png","width":500,"height":500,"caption":"Encore"},"image":{"@id":"https:\/\/encore.ovh\/#\/schema\/logo\/image\/"},"sameAs":["https:\/\/www.facebook.com\/profile.php?id=61573859113213","https:\/\/www.instagram.com\/encore.conseil.et.projets?igsh=MTFvNTh4NWEyb2J2&utm_source=qr"]}]}},"_links":{"self":[{"href":"https:\/\/encore.ovh\/index.php\/wp-json\/wp\/v2\/pages\/61","targetHints":{"allow":["GET"]}}],"collection":[{"href":"https:\/\/encore.ovh\/index.php\/wp-json\/wp\/v2\/pages"}],"about":[{"href":"https:\/\/encore.ovh\/index.php\/wp-json\/wp\/v2\/types\/page"}],"author":[{"embeddable":true,"href":"https:\/\/encore.ovh\/index.php\/wp-json\/wp\/v2\/users\/1"}],"replies":[{"embeddable":true,"href":"https:\/\/encore.ovh\/index.php\/wp-json\/wp\/v2\/comments?post=61"}],"version-history":[{"count":117,"href":"https:\/\/encore.ovh\/index.php\/wp-json\/wp\/v2\/pages\/61\/revisions"}],"predecessor-version":[{"id":3201,"href":"https:\/\/encore.ovh\/index.php\/wp-json\/wp\/v2\/pages\/61\/revisions\/3201"}],"wp:attachment":[{"href":"https:\/\/encore.ovh\/index.php\/wp-json\/wp\/v2\/media?parent=61"}],"curies":[{"name":"wp","href":"https:\/\/api.w.org\/{rel}","templated":true}]}}